{"version":"1.0","provider_name":"O Isl\u00e3m verdadeiro","provider_url":"https:\/\/r-islam.com\/pr","author_name":"Ahmed Abdallah","author_url":"https:\/\/r-islam.com\/pr\/author\/ahmed-abdallah\/","title":"A presen\u00e7a mu\u00e7ulmana na arena p\u00fablica portuguesa - O Isl\u00e3m verdadeiro","type":"rich","width":600,"height":338,"html":"<blockquote class=\"wp-embedded-content\" data-secret=\"cfEPEn54j9\"><a href=\"https:\/\/r-islam.com\/pr\/a-presenca-muculmana-na-arena-publica-portuguesa\/\">A presen\u00e7a mu\u00e7ulmana na arena p\u00fablica portuguesa<\/a><\/blockquote><iframe sandbox=\"allow-scripts\" security=\"restricted\" src=\"https:\/\/r-islam.com\/pr\/a-presenca-muculmana-na-arena-publica-portuguesa\/embed\/#?secret=cfEPEn54j9\" width=\"600\" height=\"338\" title=\"&#8220;A presen\u00e7a mu\u00e7ulmana na arena p\u00fablica portuguesa&#8221; &#8212; O Isl\u00e3m verdadeiro\" data-secret=\"cfEPEn54j9\" frameborder=\"0\" marginwidth=\"0\" marginheight=\"0\" scrolling=\"no\" class=\"wp-embedded-content\"><\/iframe><script>\n\/*! This file is auto-generated *\/\n!function(d,l){\"use strict\";l.querySelector&&d.addEventListener&&\"undefined\"!=typeof URL&&(d.wp=d.wp||{},d.wp.receiveEmbedMessage||(d.wp.receiveEmbedMessage=function(e){var t=e.data;if((t||t.secret||t.message||t.value)&&!\/[^a-zA-Z0-9]\/.test(t.secret)){for(var s,r,n,a=l.querySelectorAll('iframe[data-secret=\"'+t.secret+'\"]'),o=l.querySelectorAll('blockquote[data-secret=\"'+t.secret+'\"]'),c=new RegExp(\"^https?:$\",\"i\"),i=0;i<o.length;i++)o[i].style.display=\"none\";for(i=0;i<a.length;i++)s=a[i],e.source===s.contentWindow&&(s.removeAttribute(\"style\"),\"height\"===t.message?(1e3<(r=parseInt(t.value,10))?r=1e3:~~r<200&&(r=200),s.height=r):\"link\"===t.message&&(r=new URL(s.getAttribute(\"src\")),n=new URL(t.value),c.test(n.protocol))&&n.host===r.host&&l.activeElement===s&&(d.top.location.href=t.value))}},d.addEventListener(\"message\",d.wp.receiveEmbedMessage,!1),l.addEventListener(\"DOMContentLoaded\",function(){for(var e,t,s=l.querySelectorAll(\"iframe.wp-embedded-content\"),r=0;r<s.length;r++)(t=(e=s[r]).getAttribute(\"data-secret\"))||(t=Math.random().toString(36).substring(2,12),e.src+=\"#?secret=\"+t,e.setAttribute(\"data-secret\",t)),e.contentWindow.postMessage({message:\"ready\",secret:t},\"*\")},!1)))}(window,document);\n\/\/# sourceURL=https:\/\/r-islam.com\/pr\/wp-includes\/js\/wp-embed.min.js\n<\/script>\n","description":"Durante anos, alguns professores pediram regularmente aos im\u00e3s das mesquitas locais que dessem aulas sobre o Isl\u00e3o. Os alunos foram sempre bem-vindos.\u00a0Em v\u00e1rias ocasi\u00f5es, por exemplo, na abertura de cerim\u00f3nias ou anivers\u00e1rios de institui\u00e7\u00f5es isl\u00e2micas, os (principais) representantes do estado (como M\u00e1rio Soares, durante a sua presid\u00eancia) tomaram parte nas festividades.43 Juntamente com outras minorias [&hellip;]"}